{"id":2967,"date":"2020-08-31T12:31:28","date_gmt":"2020-08-31T12:31:28","guid":{"rendered":"https:\/\/mackone.eu\/privacy-policy\/"},"modified":"2026-02-26T15:43:53","modified_gmt":"2026-02-26T15:43:53","slug":"privacy-policy","status":"publish","type":"page","link":"https:\/\/mackone.eu\/fr\/privacy-policy\/","title":{"rendered":"Privacy Policy"},"content":{"rendered":"\n<div style=\"height:150px\" aria-hidden=\"true\" class=\"wp-block-spacer\"><\/div>\n\n\n\n<h1 class=\"wp-block-heading\">Politique de confidentialit\u00e9<\/h1>\n\n\n\n<h3 class=\"wp-block-heading\">I. NOM ET ADRESSE DU RESPONSABLE<\/h3>\n\n\n\n<p>Le responsable au sens du r\u00e8glement g\u00e9n\u00e9ral sur la protection des donn\u00e9es et des autres lois nationales sur la protection des donn\u00e9es des \u00c9tats membres, ainsi que d\u2019autres r\u00e9glementations sur la protection des donn\u00e9es, est :<br><br>Mack One France SAS<br>1 Chemin de l&rsquo;Amiti\u00e9<br>67115 Plobsheim, France<br>VAT ID: FR75893901678<br><br>Tel.: +49 (0)7822-77-18000<br>E-Mail: <a href=\"mailto:hey@mackone.eu\" rel=\"nofollow\">hey@mackone.eu<\/a><br>Site Web: https:\/\/mackone.eu<\/p>\n\n\n\n<h3 class=\"wp-block-heading\">II. CONTACT DU D\u00c9L\u00c9GU\u00c9 \u00c0 LA PROTECTION DES DONN\u00c9ES<\/h3>\n\n\n\n<p>T\u00e9l. : 00 49 7822-770<br>E-Mail : <a href=\"mailto:datenschutz@mackone.eu\" rel=\"nofollow\">datenschutz@mackone.eu<\/a><\/p>\n\n\n\n<h3 class=\"wp-block-heading\">III. G\u00c9N\u00c9RALIT\u00c9S SUR LE TRAITEMENT DES DONN\u00c9ES<\/h3>\n\n\n\n<h4 class=\"wp-block-heading\">1) EXPLICATION DES TERMES<\/h4>\n\n\n\n<p>Les \u00ab donn\u00e9es personnelles \u00bb sont toutes les informations se rapportant \u00e0 une personne identifi\u00e9e ou identifiable (ci-apr\u00e8s \u00ab personne concern\u00e9e \u00bb) ; est consid\u00e9r\u00e9e comme identifiable toute personne physique qui peut \u00eatre identifi\u00e9e, directement ou indirectement, en particulier par le biais de l\u2019association \u00e0 un identifiant comme le nom, un num\u00e9ro d\u2019identification, des donn\u00e9es de localisation, une identification en ligne (par ex. cookie) ou une ou plusieurs caract\u00e9ristiques particuli\u00e8res constituant l\u2019expression de l\u2019identit\u00e9 physique, physiologique, g\u00e9n\u00e9tique, psychique, \u00e9conomique, culturelle ou sociale de cette personne physique.<\/p>\n\n\n\n<p>Le \u00ab traitement \u00bb regroupe tous les processus r\u00e9alis\u00e9s avec ou sans aide de proc\u00e9d\u00e9s automatis\u00e9s ou une telle s\u00e9rie de processus en lien avec des donn\u00e9es personnelles. Le terme est vaste et englobe quasiment toutes les manipulations de donn\u00e9es.<\/p>\n\n\n\n<p>La \u00ab pseudonymisation \u00bb est le traitement de donn\u00e9es personnelles de mani\u00e8re \u00e0 ce que les donn\u00e9es personnelles ne puissent plus \u00eatre associ\u00e9es \u00e0 une personne<\/p>\n\n\n\n<p>concern\u00e9e sp\u00e9cifique sans informations suppl\u00e9mentaires, dans la mesure o\u00f9 ces informations suppl\u00e9mentaires sont stock\u00e9es s\u00e9par\u00e9ment et qu\u2019elles sont soumises \u00e0 des mesures techniques et organisationnelles garantissant que les donn\u00e9es personnelles ne puissent \u00eatre associ\u00e9es \u00e0 une personne physique identifi\u00e9e ou identifiable.<\/p>\n\n\n\n<p>Le \u00ab profilage \u00bb englobe tous les types de traitement automatis\u00e9 de donn\u00e9es personnelles consistant \u00e0 ce que ces donn\u00e9es personnelles soient utilis\u00e9es afin d\u2019\u00e9valuer certains aspects personnels li\u00e9s \u00e0 une personne physique, et en particulier \u00e0 analyser ou \u00e0 pr\u00e9voir les aspects comme les performances au travail, la situation financi\u00e8re, la sant\u00e9, les pr\u00e9f\u00e9rences personnelles, les int\u00e9r\u00eats, la fiabilit\u00e9, le comportement, le lieu de s\u00e9jour ou le changement de localisation de cette personne physique.<\/p>\n\n\n\n<p>Le \u00ab responsable \u00bb est la personne physique ou juridique, l\u2019autorit\u00e9, l\u2019institution ou tout autre organisme qui, seul ou avec d\u2019autres, d\u00e9finit les finalit\u00e9s et les moyens du traitement des donn\u00e9es personnelles.<\/p>\n\n\n\n<p>Le \u00ab sous-traitant \u00bb est une personne physique ou juridique, une autorit\u00e9, une institution ou tout autre organisme qui traite les donn\u00e9es personnelles pour le responsable.<\/p>\n\n\n\n<h4 class=\"wp-block-heading\">2) ETENDUE DU TRAITEMENT DES DONN\u00c9ES \u00c0 CARACT\u00c8RE PERSONNEL<\/h4>\n\n\n\n<p>En principe, nous traitons les donn\u00e9es \u00e0 caract\u00e8re personnel de nos utilisateurs uniquement dans la mesure o\u00f9 cela est n\u00e9cessaire pour fournir un site Web, ainsi que des contenus et des services fonctionnels.<\/p>\n\n\n\n<h4 class=\"wp-block-heading\">3) BASE JURIDIQUE DU TRAITEMENT DES DONN\u00c9ES \u00c0 CARACT\u00c8RE PERSONNEL<\/h4>\n\n\n\n<p>Dans ce qui suit, la base juridique correspondante vous sera indiqu\u00e9e et expliqu\u00e9e pour le traitement respectif. Pour cela, en r\u00e8gle g\u00e9n\u00e9rale, la base juridique se base<\/p>\n\n\n\n<ul style=\"color:#000\" class=\"wp-block-list\">\n<li>sur un contrat (de vente) ou sur la base d\u2019une initiation \u00e0 un tel contrat (par ex. en cas d\u2019achat de marchandises, de la carte club Europa-Park ou de bons d\u2019achat)<\/li>\n\n\n\n<li>sur la base d\u2019un int\u00e9r\u00eat l\u00e9gitime de notre entreprise, par exemple en cas de collecte de donn\u00e9es de trafic lors de votre utilisation de notre boutique en ligne<\/li>\n\n\n\n<li>sur la base de votre consentement \/ autorisation, par exemple pour l\u2019envoi de newsletters<\/li>\n<\/ul>\n\n\n\n<h4 class=\"wp-block-heading\">4) EFFACEMENT DES DONN\u00c9ES ET DUR\u00c9E DE STOCKAGE<\/h4>\n\n\n\n<p>D\u2019une mani\u00e8re g\u00e9n\u00e9rale, vos donn\u00e9es personnelles stock\u00e9es chez nous sont supprim\u00e9es d\u00e8s qu\u2019elles ne sont plus n\u00e9cessaires \u00e0 leur utilisation pr\u00e9vue et qu\u2019aucune obligation de conservation l\u00e9gale ne s\u2019oppose \u00e0 leur suppression. Dans la mesure o\u00f9 ces donn\u00e9es ne sont pas supprim\u00e9es parce qu\u2019elles sont n\u00e9cessaires \u00e0 d\u2019autres fins et \u00e0 des fins autoris\u00e9es l\u00e9galement, leur traitement est restreint. Cela signifie que les donn\u00e9es sont bloqu\u00e9es et ne sont pas trait\u00e9es \u00e0 d\u2019autres fins. Ceci s\u2019applique par ex. aux donn\u00e9es devant \u00eatre conserv\u00e9es pour des raisons de droit fiscal ou du commerce.<\/p>\n\n\n\n<p>Selon les directives l\u00e9gales en vigueur en Allemagne, la conservation pour les livres, les enregistrements, les rapports de situation, les documents comptables, les livres comptables, pour les documents fiscaux, etc. dure 10 ans, conform\u00e9ment au \u00a7\u00a7 147 al. 1 AO, 257 al. 1 num. 1 et 4, al. 4 HGB et 6 ans conform\u00e9ment au \u00a7 257 al. 1 num. 2 et 3, al. 4 HGB pour les lettres commerciales. En font notamment partie les documents et donn\u00e9es afin d\u2019effectuer votre achat d\u2019articles ou de la carte du club d\u2019Europa-Park dans la boutique en ligne.<\/p>\n\n\n\n<h4 class=\"wp-block-heading\">5) S\u00c9CURIT\u00c9<\/h4>\n\n\n\n<p>Pour des raisons de s\u00e9curit\u00e9 et de protection de la transmission des donn\u00e9es personnelles et des autres contenus confidentiels (p. ex. commandes ou demandes qui nous sont adress\u00e9es), nous utilisons un cryptage SSL resp. TLS. Vous pouvez reconna\u00eetre une connexion crypt\u00e9e \u00e0 la suite de caract\u00e8res \u00ab https:\/\/ \u00bb et au symbole de cadenas dans la ligne de votre navigateur.<\/p>\n\n\n\n<h4 class=\"wp-block-heading\">6) TRANSFERT DE DONN\u00c9ES \u00c0 DES TIERS<\/h4>\n\n\n\n<p>En particulier, afin de remplir nos obligations l\u00e9gales envers vous, il est parfois n\u00e9cessaire de transmettre vos donn\u00e9es personnelles \u00e0 des tiers en tant que prestataires de services. Cela se fait g\u00e9n\u00e9ralement dans le cadre du traitement des commandes r\u00e9glement\u00e9 par contrat. Cependant, il peut \u00e9galement arriver que le tiers agisse lui-m\u00eame en tant que responsable du traitement.<\/p>\n\n\n\n<p>Un transfert de donn\u00e9es est n\u00e9cessaire, par exemple, si nous vous envoyons par la poste des marchandises command\u00e9es, des objets trouv\u00e9s ou les prix gagn\u00e9s lors de concours. Dans ce cas, votre nom, votre adresse et, dans le cas d\u2019un suivi d\u2019exp\u00e9dition, votre adresse e-mail sont \u00e9galement transmis au prestataire de services d\u2019exp\u00e9dition. Nous pouvons volontiers vous fournir au cas par cas des informations sur le fournisseur de services.<\/p>\n\n\n\n<h3 class=\"wp-block-heading\">IV. MISE \u00c0 DISPOSITION DU SITE WEB ET CR\u00c9ATION DE FICHIERS JOURNAUX<\/h3>\n\n\n\n<p>1) DESCRIPTION ET \u00c9TENDUE DU TRAITEMENT DES DONN\u00c9ES<\/p>\n\n\n\n<p>\u00c0 chaque acc\u00e8s \u00e0 notre site Web, notre syst\u00e8me recueille automatiquement des donn\u00e9es et des informations \u00e0 partir du syst\u00e8me informatique de l\u2019ordinateur appelant.<\/p>\n\n\n\n<p>Les donn\u00e9es suivantes sont collect\u00e9es:<\/p>\n\n\n\n<ul style=\"color:#000\" class=\"wp-block-list\">\n<li>Informations sur le type de navigateur et la version utilis\u00e9e<\/li>\n\n\n\n<li>Syst\u00e8me d\u2019exploitation de l\u2019utilisateur<\/li>\n\n\n\n<li>Fournisseur de services Internet de l\u2019utilisateur<\/li>\n\n\n\n<li>Date et heure de l\u2019acc\u00e8s<\/li>\n\n\n\n<li>Sites Web \u00e0 partir desquels le syst\u00e8me de l\u2019utilisateur se rend sur notre site Web<\/li>\n\n\n\n<li>Sites Web accessibles par le syst\u00e8me de l\u2019utilisateur via notre site Web<\/li>\n<\/ul>\n\n\n\n<p>Le stockage temporaire de l\u2019adresse IP par le syst\u00e8me est n\u00e9cessaire pour permettre la livraison du site Web \u00e0 l\u2019ordinateur de l\u2019utilisateur. Pour ce faire, l\u2019adresse IP de l\u2019utilisateur doit \u00eatre conserv\u00e9e pendant la dur\u00e9e de la session. La collecte des donn\u00e9es de trafic permet l\u2019am\u00e9lioration technique de notre offre.<\/p>\n\n\n\n<p>Les donn\u00e9es sont \u00e9galement stock\u00e9es dans les fichiers journaux de notre syst\u00e8me. Ne sont pas concern\u00e9es les adresses IP de l\u2019utilisateur ou d\u2019autres donn\u00e9es permettant l\u2019affectation des donn\u00e9es \u00e0 un utilisateur donn\u00e9. Un stockage de ces donn\u00e9es avec d\u2019autres donn\u00e9es \u00e0 caract\u00e8re personnel de l\u2019utilisateur n\u2019a pas lieu.<\/p>\n\n\n\n<h4 class=\"wp-block-heading\">2) BASE JURIDIQUE POUR LE TRAITEMENT DES DONN\u00c9ES A CARACT\u00c8RE PERSONNEL<\/h4>\n\n\n\n<p>La base l\u00e9gale pour le stockage temporaire des donn\u00e9es est l\u2019article 6, paragraphe 1, point f du RGPD. Notre int\u00e9r\u00eat l\u00e9gitime consiste \u00e0 mettre \u00e0 votre disposition nos contenus en ligne.<\/p>\n\n\n\n<h4 class=\"wp-block-heading\">3) DUR\u00c9E DE STOCKAGE<\/h4>\n\n\n\n<p>Nous supprimons automatiquement vos donn\u00e9es de trafic d\u00e8s que vous terminez votre visite sur nos pages Web.<\/p>\n\n\n\n<h4 class=\"wp-block-heading\">4) POSSIBILIT\u00c9 D\u2019OPPOSITION ET D\u2019\u00c9LIMINATION<\/h4>\n\n\n\n<p>La collecte de donn\u00e9es pour la fourniture du site Web et le stockage des donn\u00e9es dans des fichiers journaux est essentielle pour le fonctionnement du site Web. Vous pouvez vous y opposer, conform\u00e9ment \u00e0 l\u2019art. 21 du RGPD, dans la mesure o\u00f9 vous faites valoir les circonstances particuli\u00e8res s\u2019opposant au traitement de vos donn\u00e9es personnelles. L\u2019utilisation des donn\u00e9es personnelles est r\u00e9duite au n\u00e9cessaire, tout comme la p\u00e9riode de stockage de votre visite de nos pages Web.<\/p>\n\n\n\n<h3 class=\"wp-block-heading\">V. UTILISATION DES COOKIES<\/h3>\n\n\n\n<h3 class=\"wp-block-heading\">1) DESCRIPTION, FINALIT\u00c9 ET \u00c9TENDUE DU TRAITEMENT DES DONN\u00c9ES<\/h3>\n\n\n\n<p>Notre site Internet utilise des cookies. Les cookies sont des fichiers texte stock\u00e9s dans le navigateur Internet sur le syst\u00e8me informatique de l\u2019utilisateur.<\/p>\n\n\n\n<p>Un cookie sert avant tout \u00e0 stocker les indications relatives \u00e0 un utilisateur (resp. sur l\u2019appareil sur lequel le cookie est sauvegard\u00e9) pendant ou \u00e9galement apr\u00e8s son acc\u00e8s \u00e0 une offre en ligne. Nous utilisons des cookies pour rendre notre site Web plus convivial. L\u2019utilisation de cookies techniquement n\u00e9cessaires a pour but de faciliter l\u2019utilisation des sites Web par les utilisateurs. L\u2019utilisation des cookies d\u2019analyse a pour but d\u2019am\u00e9liorer la qualit\u00e9 de notre site Web et de son contenu. Gr\u00e2ce aux cookies d\u2019analyse, nous apprenons comment le site Web est utilis\u00e9 et nous pouvons donc optimiser notre offre en permanence.<\/p>\n\n\n\n<p>Les cookies peuvent \u00eatre utilis\u00e9s pour les raisons suivantes :<\/p>\n\n\n\n<p>Cookies temporaires : sont consid\u00e9r\u00e9s comme cookies temporaires, resp. \u00ab cookies de session \u00bb ou \u00ab cookies transitoires \u00bb, les cookies qui sont supprim\u00e9s apr\u00e8s qu\u2019un utilisateur quitte l\u2019offre en ligne et ferme son navigateur. Le contenu d\u2019un panier d\u2019achat d\u2019une boutique en ligne ou un statut de connexion, vos param\u00e8tres de langage, etc. peuvent par ex. \u00eatre sauvegard\u00e9s dans un tel cookie.<\/p>\n\n\n\n<p>Cookies permanents : sont consid\u00e9r\u00e9s comme cookies \u00ab permanents \u00bb ou \u00ab persistants \u00bb les cookies qui restent stock\u00e9s m\u00eame apr\u00e8s la fermeture du navigateur. Il est par ex. possible d\u2019enregistrer ainsi le statut de connexion pour la boutique en ligne lorsque les utilisateurs reviennent sur celle-ci apr\u00e8s plusieurs jours. De m\u00eame, les int\u00e9r\u00eats des utilisateurs utilis\u00e9s pour mesurer la port\u00e9e ou \u00e0 des fins de marketing peuvent \u00eatre stock\u00e9s dans un tel cookie.<\/p>\n\n\n\n<p>Sont consid\u00e9r\u00e9s comme \u00ab third-party-cookies \u00bb les cookies qui sont propos\u00e9s par d\u2019autres fournisseurs que le responsable qui exploite l\u2019offre en ligne.<\/p>\n\n\n\n<p>Les donn\u00e9es des utilisateurs sont pseudonymis\u00e9es par des mesures techniques. Par cons\u00e9quent, une affectation des donn\u00e9es \u00e0 l\u2019utilisateur appelant n\u2019est plus possible. Les donn\u00e9es ne seront pas stock\u00e9es avec d\u2019autres donn\u00e9es \u00e0 caract\u00e8re personnel des utilisateurs.<\/p>\n\n\n\n<p>Lors de l\u2019acc\u00e8s \u00e0 notre site Web, les utilisateurs sont inform\u00e9s par un \u00ab Cookie Consent \u00bb (banni\u00e8re d\u2019information avec fonction d\u2019approbation) de l\u2019utilisation des cookies que nous utilisons. Dans le \u00ab Cookie Consent \u00bb, vous avez la possibilit\u00e9 de confirmer l\u2019utilisation des cookies l\u00e9galement autoris\u00e9s (cookies transitoires et permanents n\u00e9cessaires aux fonctionnalit\u00e9s de l\u2019offre en ligne) ou de proc\u00e9der \u00e0 des r\u00e9glages individuels, resp. d\u2019approuver l\u2019utilisation de cookies publicitaires ou de tiers (p. ex. cookies de marketing permanents et cookies de tiers comme Google). Une partie de nos sites Web, en particulier les sous-pages du site europapark.de, est<\/p>\n\n\n\n<p>dot\u00e9e d\u2019un \u00ab Cookie Consent \u00bb global. De fait, lorsque vous consulterez une nouvelle page, vous ne verrez pas appara\u00eetre une nouvelle banni\u00e8re d\u2019approbation.<\/p>\n\n\n\n<p>Lors du passage \u00e0 d\u2019autres offres sur les pages Web, il est possible que vous deviez de nouveau prendre une d\u00e9cision relative \u00e0 l\u2019utilisation de cookies dans un \u00ab Cookie Consent \u00bb. Les r\u00e9glages seront \u00e9galement enregistr\u00e9s sous forme de cookies. Les cookies sont uniquement utilis\u00e9s une fois que vous avez approuv\u00e9 le \u00ab Cookie Consent \u00bb. Vous pouvez acc\u00e9der \u00e0 tout moment au \u00ab Cookie Consent \u00bb via le point \u00ab Param\u00e8tres des cookies \u00bb dans le pied de page afin de vous opposer \u00e0 l\u2019utilisation de cookies fonctionnels, de cookies d\u2019analyse et de cookies \u00e0 des fins de marketing en modifiant vos param\u00e8tres. Vous trouverez des explications plus d\u00e9taill\u00e9es relatives aux cookies dans les param\u00e8tres des cookies sous le point liste des cookies et dans notre charte de protection des donn\u00e9es.<\/p>\n\n\n\n<p>Pour la gestion des cookies, nous utilisons OneTrust, un service de OneTrust Technology Limited, 82 St John St, Farringdon, Londres EC1M 4JN, Royaume-Uni (UK), ainsi que Google Tag Manager, un service de Google Ireland Limited, Google Building Gordon House, Barrow St, Dublin 4, Irlande.<\/p>\n\n\n\n<h4 class=\"wp-block-heading\">2) BASE JURIDIQUE DU TRAITEMENT DES DONN\u00c9ES A CARACT\u00c8RE PERSONNEL<\/h4>\n\n\n\n<p>La base juridique pour le traitement des donn\u00e9es \u00e0 caract\u00e8re personnel \u00e0 l\u2019aide de cookies temporaires ou partiellement permanents est l\u2019article 6 paragraphe 1 point f du RGPD. Notre int\u00e9r\u00eat l\u00e9gitime est justifi\u00e9 par le fait de mettre \u00e0 votre disposition une offre de pages Web garantissant une fonctionnalit\u00e9 compl\u00e8te et une convivialit\u00e9 appropri\u00e9e.<\/p>\n\n\n\n<p>La base juridique pour le traitement des donn\u00e9es \u00e0 caract\u00e8re personnel \u00e0 l\u2019aide de cookies qui ne sont pas n\u00e9cessaires obligatoirement est l\u2019article 6 paragraphe 1 point a du RGPD.<\/p>\n\n\n\n<p>Lorsque vous acc\u00e9dez \u00e0 notre offre pour la premi\u00e8re fois, vous serez pri\u00e9 de soumettre votre approbation. Vous pouvez g\u00e9rer votre statut de consentement dans les \u00ab Param\u00e8tres des cookies \u00bb dans le pied de page du site Web.<\/p>\n\n\n\n<h4 class=\"wp-block-heading\">3) DUR\u00c9E DE STOCKAGE, POSSIBILIT\u00c9 DE R\u00c9TRACTATION ET D\u2019OPPOSITION<\/h4>\n\n\n\n<p>Les cookies sont stock\u00e9s sur l\u2019ordinateur de l\u2019utilisateur, d\u2019o\u00f9 ils nous sont transmis. Par cons\u00e9quent, en tant qu\u2019utilisateur, vous avez un contr\u00f4le total sur l\u2019utilisation des cookies. En modifiant les param\u00e8tres de votre navigateur Internet, vous pouvez d\u00e9sactiver ou restreindre la transmission de cookies. Les cookies d\u00e9j\u00e0 enregistr\u00e9s peuvent \u00eatre supprim\u00e9s \u00e0 tout moment. Cela peut \u00e9galement \u00eatre fait automatiquement. Si les cookies sont d\u00e9sactiv\u00e9s pour notre site Web, il se peut que toutes les fonctions du site Web ne puissent pas \u00eatre utilis\u00e9es dans leur int\u00e9gralit\u00e9.<\/p>\n\n\n\n<p>Dans les \u00ab Param\u00e8tres des cookies \u00bb, vous pouvez modifier vos r\u00e9glages relatifs aux cookies sur notre site Web.<\/p>\n\n\n\n<h4 class=\"wp-block-heading\">4) COOKIES ESSENTIELS<\/h4>\n\n\n\n<p>Nous utilisons un cookie d&rsquo;authentification pour contr\u00f4ler l&rsquo;acc\u00e8s \u00e0 certaines pages restreintes de notre site web. Ce cookie stocke un jeton d&rsquo;acc\u00e8s temporaire qui v\u00e9rifie l&rsquo;autorisation d&rsquo;un utilisateur pour consulter la page.<\/p>\n\n\n\n<p><strong>Nom du Cookie<\/strong> : Passster<br><strong>Objectif<\/strong> : Confirmer et autoriser l&rsquo;acc\u00e8s aux contenus restreints.<br><strong>Dur\u00e9e<\/strong> : Ce cookie est temporaire et expire apr\u00e8s 30 secondes.<br><strong>Type<\/strong> : Essentiel ; ce cookie est n\u00e9cessaire pour la s\u00e9curit\u00e9 et la gestion de l&rsquo;acc\u00e8s, il ne n\u00e9cessite donc pas de consentement explicite.<br>Ce cookie \u00e9tant strictement n\u00e9cessaire au bon fonctionnement du site, il ne collecte aucune information personnelle et n&rsquo;est pas utilis\u00e9 \u00e0 des fins de suivi.<\/p>\n\n\n\n<h3 class=\"wp-block-heading\">VI. COOKIES \u00c0 DES FINS D\u2019ANALYSE ET DE MARKETING<\/h3>\n\n\n\n<p>Dans les \u00ab Param\u00e8tres des cookies \u00bb au pied de page du site Web, vous pouvez modifier vos r\u00e9glages relatifs aux cookies sur notre site Web. Vous pouvez y g\u00e9rer votre statut d\u2019autorisation pour les diff\u00e9rents cookies et l\u2019ensemble des cat\u00e9gories. Dans la mesure o\u00f9 aucune disposition contraire n\u2019a \u00e9t\u00e9 indiqu\u00e9e, la base juridique du traitement des donn\u00e9es est votre consentement conform\u00e9ment \u00e0 l\u2019art. 6 al. 1 lettre a du RGPD. Dans ce qui suit, vous trouverez des indications plus pr\u00e9cises relatives aux services int\u00e9gr\u00e9s \u00e0 notre site Web.<\/p>\n\n\n\n<h4 class=\"wp-block-heading\">1) ANALYSE DE SITES WEB VIA GOOGLE ANALYTICS AVEC FONCTION D\u2019ANONYMISATION<\/h4>\n\n\n\n<p>Nous utilisons Google Analytics, un service d\u2019analyse du Web fourni par Google Inc., 1600 Amphitheatre Parkway, Mountain View, CA 94043 \u00c9tats-Unis, ci-apr\u00e8s d\u00e9nomm\u00e9e \u00ab Google \u00bb. Google-Analytics utilise des \u00ab cookies \u00bb, des fichiers texte enregistr\u00e9s sur votre ordinateur qui nous permettent d\u2019analyser la fa\u00e7on dont le site est utilis\u00e9.<\/p>\n\n\n\n<p>Les informations g\u00e9n\u00e9r\u00e9es par ces cookies, telles que l\u2019heure, le lieu et la fr\u00e9quence de votre visite sur le site Web, y compris votre adresse IP, sont transmises \u00e0 Google aux \u00c9tats-Unis et y sont stock\u00e9es.<\/p>\n\n\n\n<p>Nous utilisons Google Analytics sur notre site Web avec l\u2019extension \u00ab\u00a0_gat._anonymizeIp\u00a0\u00bb. Dans ce cas, votre adresse IP est d\u00e9j\u00e0 tronqu\u00e9e et donc anonymis\u00e9e par Google dans les \u00c9tats membres de l\u2019Union europ\u00e9enne et dans les autres \u00c9tats contractants de l\u2019accord sur l\u2019Espace \u00e9conomique europ\u00e9en.<\/p>\n\n\n\n<p>Google utilise ces informations pour \u00e9valuer votre utilisation de notre site, pour compiler des rapports sur l\u2019activit\u00e9 de notre site Web et pour fournir d\u2019autres services li\u00e9s \u00e0 l\u2019activit\u00e9 du site et \u00e0 l\u2019utilisation d\u2019Internet. Google peut \u00e9galement transf\u00e9rer ces informations \u00e0 des tiers si la loi l\u2019exige ou si des tiers traitent ces donn\u00e9es pour le compte de Google.<\/p>\n\n\n\n<p>Google pr\u00e9tend ne pas associer votre adresse IP \u00e0 d\u2019autres donn\u00e9es fournies par Google. Vous pouvez emp\u00eacher l\u2019installation de cookies en param\u00e9trant votre logiciel de navigation en cons\u00e9quence ; toutefois, nous vous signalons que, dans ce cas, vous ne pourrez peut-\u00eatre pas utiliser toutes les fonctions de notre site.<\/p>\n\n\n\n<p>En outre, Google propose un module de d\u00e9sactivation pour les navigateurs les plus courants, permettant de mieux contr\u00f4ler les donn\u00e9es que Google collecte sur les sites que vous visitez. Le module informe le JavaScript (ga.js) de Google Analytics qu\u2019aucune information de visite de site Web ne doit \u00eatre transmise \u00e0 Google Analytics. Toutefois, le module compl\u00e9mentaire Google Analytics Disable n\u2019emp\u00eache pas de nous transf\u00e9rer des informations ni \u00e0 tout autre service d\u2019analyse du Web que nous pouvons utiliser. Pour plus d\u2019informations sur l\u2019installation du module de d\u00e9sactivation pour navigateur, voir Lien : https:\/\/tools.google.com\/dlpage\/gaoptout?hl=fr<\/p>\n\n\n\n<h4 class=\"wp-block-heading\">2) GOOGLE ADS<\/h4>\n\n\n\n<p>Nous utilisons \u00e9galement Google Analytics pour analyser les donn\u00e9es g\u00e9n\u00e9r\u00e9es par les cookies Double-Click et AdWords \u00e0 des fins statistiques. Si vous ne le souhaitez pas, vous pouvez le d\u00e9sactiver via le gestionnaire de pr\u00e9f\u00e9rences pour les annonces. (https:\/\/www.google.com\/settings\/ads\/onweb\/?hl=fr).<\/p>\n\n\n\n<h3 class=\"wp-block-heading\">VII. CONTENUS EXTERNES<\/h3>\n\n\n\n<p>Dans les \u00ab param\u00e8tres des cookies \u00bb (acc\u00e8s soit en bas de page du site web, soit par un bouton \u00ab confidentialit\u00e9 \u00bb), vous pouvez modifier vos param\u00e8tres concernant le traitement des donn\u00e9es par le biais de contenus externes. Certaines de nos offres ont des contenus externes int\u00e9gr\u00e9s, par exemple avec iFrames. Si vous avez donn\u00e9 votre accord, les fournisseurs de ces contenus externes pourront placer directement des cookies sur votre appareil et traiter des donn\u00e9es. Nous n&rsquo;avons aucune influence directe sur ce type de traitement de donn\u00e9es. Pour en savoir plus, veuillez consulter la politique de confidentialit\u00e9 du fournisseur du contenu externe concern\u00e9.<\/p>\n\n\n\n<h4 class=\"wp-block-heading\">1) ANALYSE DE SITES WEB PAR YOUTUBE<\/h4>\n\n\n\n<p>Ce site contient au moins un plugin de YouTube, appartenant \u00e0 Google Inc., situ\u00e9 \u00e0 San Bruno, Californie, USA. D\u00e8s que vous visitez notre site Web avec un plug-in YouTube, vous \u00eates connect\u00e9 aux serveurs de YouTube. En m\u00eame temps, le serveur YouTube sera inform\u00e9 de la page particuli\u00e8re de notre site Internet que vous avez visit\u00e9e. Si vous \u00eates \u00e9galement connect\u00e9 \u00e0 votre compte YouTube, YouTube vous permet d\u2019associer votre exp\u00e9rience de navigation directement \u00e0 votre profil personnel. Vous pouvez annuler cette possibilit\u00e9 d\u2019affectation si vous vous d\u00e9connectez d\u2019abord de votre compte. Pour plus d\u2019informations sur la collecte et l\u2019utilisation de vos donn\u00e9es via YouTube, reportez-vous \u00e0 leur politique de confidentialit\u00e9 sous https:\/\/www.youtube.fr.<\/p>\n\n\n\n<h4 class=\"wp-block-heading\">2) VIMEO<\/h4>\n\n\n\n<p>Ce site utilise des vid\u00e9os. Les vid\u00e9os sont un excellent moyen de mieux transmettre et comprendre des contenus. \u00c9tant donn\u00e9 que l\u2019h\u00e9bergement local de vid\u00e9os n\u2019est pas assez puissant, ce site Web fait appel \u00e0 des fournisseurs de vid\u00e9os externes. En raison de l\u2019int\u00e9gration de la vid\u00e9o, il est n\u00e9cessaire &#8211; pour des raisons techniques &#8211; d\u2019envoyer une requ\u00eate au serveur du fournisseur Vimeo. Pour l\u2019utilisation associ\u00e9e des donn\u00e9es de votre navigateur, nous vous renvoyons \u00e0 la politique de confidentialit\u00e9 du fournisseur. Cliquez ici pour consulter la politique de confidentialit\u00e9 de Vimeo : vimeo.com\/privacy<\/p>\n\n\n\n<p>Vimeo affirme garantir un niveau de protection des donn\u00e9es raisonnable.<\/p>\n\n\n\n<h3 class=\"wp-block-heading\">VIII. FORMULAIRE DE CONTACT ET CONTACT PAR E-MAIL<\/h3>\n\n\n\n<h4 class=\"wp-block-heading\">1) DESCRIPTION ET PORT\u00c9E DU TRAITEMENT DES DONN\u00c9ES<\/h4>\n\n\n\n<p>Sur notre site Internet, des formulaires de contact sont r\u00e9guli\u00e8rement disponibles et peuvent \u00eatre utilis\u00e9s pour une prise de contact \u00e9lectronique. Si un utilisateur fait usage de cette possibilit\u00e9, les donn\u00e9es saisies dans le masque de saisie nous sont transmises et enregistr\u00e9es. Ces donn\u00e9es sont les suivantes<\/p>\n\n\n\n<ul style=\"color:#000\" class=\"wp-block-list\">\n<li>Pr\u00e9nom et nom<\/li>\n\n\n\n<li>Donn\u00e9es d\u2019adresse<\/li>\n\n\n\n<li>Adresse \u00e9lectronique<\/li>\n\n\n\n<li>Contenu du message<\/li>\n\n\n\n<li>Num\u00e9ro de t\u00e9l\u00e9phone (le cas \u00e9ch\u00e9ant)<\/li>\n<\/ul>\n\n\n\n<p>Au moment de l\u2019envoi du message, les donn\u00e9es suivantes sont en outre bri\u00e8vement enregistr\u00e9es :<\/p>\n\n\n\n<ul style=\"color:#000\" class=\"wp-block-list\">\n<li>L\u2019adresse IP de l\u2019utilisateur<br>la date et l\u2019heure de l\u2019enregistrement<\/li>\n\n\n\n<li>Pour le traitement des donn\u00e9es, votre consentement est demand\u00e9 dans le cadre du processus d\u2019envoi et il est fait r\u00e9f\u00e9rence \u00e0 la pr\u00e9sente d\u00e9claration de protection des donn\u00e9es.<\/li>\n<\/ul>\n\n\n\n<p>Il est \u00e9galement possible de prendre contact via l\u2019adresse e-mail mise \u00e0 disposition. Dans ce cas, les donn\u00e9es personnelles de l\u2019utilisateur transmises par e-mail sont enregistr\u00e9es.<\/p>\n\n\n\n<p>Dans ce contexte, les donn\u00e9es ne sont pas transmises \u00e0 des tiers. Les donn\u00e9es sont utilis\u00e9es exclusivement pour le traitement de la conversation.<\/p>\n\n\n\n<h4 class=\"wp-block-heading\">2) BASE JURIDIQUE POUR LE TRAITEMENT DES DONN\u00c9ES A CARACT\u00c8RE PERSONNEL<\/h4>\n\n\n\n<p>La base juridique pour le traitement des donn\u00e9es est, en cas de consentement de l\u2019utilisateur, l\u2019article 6, paragraphe 1, point a) du RGPD.<\/p>\n\n\n\n<p>La base juridique pour le traitement des donn\u00e9es transmises dans le cadre de l\u2019envoi d\u2019un e-mail ou de l\u2019utilisation du formulaire de contact est l\u2019article 6, paragraphe 1, point f), du RGPD. Si le contact par e-mail vise \u00e0 la conclusion d\u2019un contrat, la base juridique du traitement est l\u2019art. 6, al. 1, let. b du RGPD.<\/p>\n\n\n\n<h4 class=\"wp-block-heading\">3) FINALIT\u00c9 DU TRAITEMENT DES DONN\u00c9ES<\/h4>\n\n\n\n<p>Le traitement des donn\u00e9es personnelles figurant dans le masque de saisie nous sert uniquement \u00e0 traiter la prise de contact. Dans le cas d\u2019une prise de contact par e-mail, il s\u2019agit \u00e9galement de l\u2019int\u00e9r\u00eat l\u00e9gitime requis pour le traitement des donn\u00e9es.<\/p>\n\n\n\n<p>Les autres donn\u00e9es personnelles trait\u00e9es pendant le processus d\u2019envoi servent \u00e0 emp\u00eacher une utilisation abusive du formulaire de contact et \u00e0 assurer la s\u00e9curit\u00e9 de nos syst\u00e8mes informatiques.<\/p>\n\n\n\n<h4 class=\"wp-block-heading\">4) DUR\u00c9E DE STOCKAGE<\/h4>\n\n\n\n<p>Les donn\u00e9es sont supprim\u00e9es d\u00e8s qu\u2019elles ne sont plus n\u00e9cessaires pour atteindre le but ayant motiv\u00e9 leur collecte. Pour les donn\u00e9es \u00e0 caract\u00e8re personnel du masque de saisie du formulaire de contact et celles envoy\u00e9es par e-mail, c\u2019est le cas lorsque la communication avec l\u2019utilisateur est termin\u00e9e. La communication est termin\u00e9e lorsqu\u2019il peut \u00eatre d\u00e9duit des circonstances que les faits ont \u00e9t\u00e9 finalement clarifi\u00e9s.<\/p>\n\n\n\n<p>Les donn\u00e9es \u00e0 caract\u00e8re personnel suppl\u00e9mentaires collect\u00e9es au cours du processus d\u2019envoi seront supprim\u00e9es au plus tard apr\u00e8s une p\u00e9riode de sept jours.<\/p>\n\n\n\n<p><\/p>\n\n\n\n<h4 class=\"wp-block-heading\">5) POSSIBILIT\u00c9 D\u2019OPPOSITION ET D\u2019\u00c9LIMINATION<\/h4>\n\n\n\n<p>L\u2019utilisateur a la possibilit\u00e9 \u00e0 tout moment de r\u00e9voquer son consentement au traitement de ses donn\u00e9es \u00e0 caract\u00e8re personnel. Si l\u2019utilisateur nous contacte par e-mail, il peut s\u2019opposer au stockage de ses donn\u00e9es \u00e0 caract\u00e8re personnel \u00e0 tout moment. Dans un tel cas, la communication ne peut toutefois pas se poursuivre.<\/p>\n\n\n\n<p>Les donn\u00e9es peuvent \u00eatre consult\u00e9es \u00e0 tout moment en se connectant au profil de l\u2019utilisateur ou en envoyant un courrier \u00e9lectronique \u00e0 <a href=\"mailto:datenschutz@mackone.eu\" rel=\"nofollow\">datenschutz@mackone.eu<\/a>.<\/p>\n\n\n\n<p>Dans ce cas, toutes les donn\u00e9es \u00e0 caract\u00e8re personnel stock\u00e9es au cours de la prise de contact seront supprim\u00e9es.<\/p>\n\n\n\n<p>Nous utilisons le service mailytica de Mailytica GmbH, B\u00fccklestra\u00dfe 3, 78467 Constance, dans le cadre du traitement des commandes pour le traitement automatis\u00e9 des demandes des clients par e-mail. Certaines parties des e-mails entrants sont class\u00e9es par le logiciel et des suggestions de r\u00e9ponses sont cr\u00e9\u00e9es.<\/p>\n\n\n\n<h3 class=\"wp-block-heading\">IX. DROITS DE LA PERSONNE CONCERN\u00c9E<\/h3>\n\n\n\n<p>\u00c0 partir du moment o\u00f9 vos donn\u00e9es personnelles sont trait\u00e9es, vous \u00eates une personne concern\u00e9e au sens du RGPD et vous avez les droits suivants par rapport \u00e0 la personne responsable :<\/p>\n\n\n\n<h4 class=\"wp-block-heading\">1) DROIT D\u2019ACC\u00c8S<\/h4>\n\n\n\n<p>Vous b\u00e9n\u00e9ficiez d\u2019un droit d\u2019acc\u00e8s aux donn\u00e9es personnelles trait\u00e9es relatives \u00e0 votre personne. Lors d\u2019une demande de renseignement qui n\u2019est pas effectu\u00e9e par \u00e9crit, nous vous prions de bien comprendre que, le cas \u00e9ch\u00e9ant, nous vous demanderons des justificatifs attestant que vous \u00eates bien la personne indiqu\u00e9e. (Art. 15 du RGPD)<\/p>\n\n\n\n<h4 class=\"wp-block-heading\">2) DROIT DE RECTIFICATION, A LA SUPPRESSION ET \u00c0 LA RESTRICTION<\/h4>\n\n\n\n<p>En outre, vous b\u00e9n\u00e9ficiez d\u2019un droit \u00e0 la rectification, \u00e0 la suppression ou \u00e0 la restriction du traitement, dans la mesure o\u00f9 cela est d\u00e9fini l\u00e9galement. (Art. 16, 17 et 18 du RGPD). Dans de tels cas, nous sommes soumis \u00e0 l\u2019obligation de notification<\/p>\n\n\n\n<p>aux \u00e9ventuels destinataires en ce qui concerne la rectification, la suppression ou la restriction du traitement (art. 19 du RGPD).<\/p>\n\n\n\n<h4 class=\"wp-block-heading\">3) DROIT \u00c0 LA PORTABILIT\u00c9 DES DONN\u00c9ES<\/h4>\n\n\n\n<p>Il existe \u00e9galement un droit \u00e0 la portabilit\u00e9 des donn\u00e9es dans le cadre des directives en mati\u00e8re de protection des donn\u00e9es (art. 20 du RGPD). Celui-ci concerne les donn\u00e9es que vous avez mises \u00e0 notre disposition.<\/p>\n\n\n\n<h4 class=\"wp-block-heading\">4) DROIT D\u2019OPPOSITION<\/h4>\n\n\n\n<p>Vous avez le droit de vous opposer \u00e0 tout moment, pour des raisons tenant \u00e0 votre situation particuli\u00e8re, \u00e0 un traitement des donn\u00e9es \u00e0 caract\u00e8re personnel vous concernant fond\u00e9 sur l\u2019article 6, paragraphe 1, point e ou f du RGPD ; cela s\u2019applique \u00e9galement \u00e0 un profilage fond\u00e9 sur ces dispositions.<\/p>\n\n\n\n<p>Vous pouvez en particulier faire valoir un droit d\u2019opposition, conform\u00e9ment \u00e0 l\u2019art. 21 al. 1 et 2 du RGPD, contre le traitement de vos donn\u00e9es, en particulier en lien avec une publicit\u00e9 directe (newsletter), lorsque celui-ci se base sur un int\u00e9r\u00eat l\u00e9gitime resp. un \u00e9quilibre des int\u00e9r\u00eats.<\/p>\n\n\n\n<h4 class=\"wp-block-heading\">5) DROIT DE R\u00c9VOQUER LA D\u00c9CLARATION DE CONSENTEMENT EN MATI\u00c8RE DE PROTECTION DES DONN\u00c9ES<\/h4>\n\n\n\n<p>Vous avez le droit de ne pas faire l\u2019objet d\u2019une d\u00e9cision fond\u00e9e exclusivement sur un traitement automatis\u00e9, y compris le profilage, produisant des effets juridiques vous concernant ou vous affectant de mani\u00e8re significative de fa\u00e7on similaire.<\/p>\n\n\n\n<h4 class=\"wp-block-heading\">6) D\u00c9CISION INDIVIDUELLE AUTOMATIS\u00c9E, Y COMPRIS LE PROFILAGE<\/h4>\n\n\n\n<p>Vous avez le droit de ne pas \u00eatre soumis \u00e0 une d\u00e9cision fond\u00e9e exclusivement sur un traitement automatis\u00e9, y compris le profilage, produisant des effets juridiques \u00e0 votre \u00e9gard ou vous affectant de mani\u00e8re significative de fa\u00e7on similaire.<\/p>\n\n\n\n<h4 class=\"wp-block-heading\">7) DROIT D\u2019INTRODUIRE UNE R\u00c9CLAMATION AUPR\u00c8S D\u2019UNE AUTORIT\u00c9 DE CONTR\u00d4LE<\/h4>\n\n\n\n<p>Sans pr\u00e9judice de tout autre recours administratif ou juridictionnel, vous avez le droit de soumettre une r\u00e9clamation aupr\u00e8s d\u2019une autorit\u00e9 de contr\u00f4le, en particulier dans l\u2019\u00c9tat membre dans lequel se trouve votre r\u00e9sidence habituelle, votre lieu de travail ou le lieu o\u00f9 la violation aurait \u00e9t\u00e9 commise, si vous consid\u00e9rez que le traitement de donn\u00e9es \u00e0 caract\u00e8re personnel vous concernant constitue une violation du RGPD (art. 77 du RGPD).<\/p>\n\n\n\n<p>L\u2019autorit\u00e9 de contr\u00f4le aupr\u00e8s de laquelle la r\u00e9clamation a \u00e9t\u00e9 introduite informe l\u2019auteur de la r\u00e9clamation de l\u2019\u00e9tat d\u2019avancement et de l\u2019issue de la r\u00e9clamation, y compris de la possibilit\u00e9 d\u2019un recours juridictionnel en vertu de l\u2019article 78 du RGPD.<\/p>\n\n\n\n<div style=\"height:50px\" aria-hidden=\"true\" class=\"wp-block-spacer\"><\/div>\n","protected":false},"excerpt":{"rendered":"<p>Politique de confidentialit\u00e9 I. NOM ET ADRESSE DU RESPONSABLE Le responsable au sens du r\u00e8glement g\u00e9n\u00e9ral sur la protection des donn\u00e9es et des autres lois nationales sur la protection des donn\u00e9es des \u00c9tats membres, ainsi que d\u2019autres r\u00e9glementations sur la protection des donn\u00e9es, est : Mack One France SAS1 Chemin de l&rsquo;Amiti\u00e967115 Plobsheim, FranceVAT ID: [&hellip;]<\/p>\n","protected":false},"author":3,"featured_media":0,"parent":0,"menu_order":0,"comment_status":"closed","ping_status":"closed","template":"","meta":{"inline_featured_image":false,"passster_activate_protection":false,"passster_protect_child_pages":"","passster_protection_type":"password","passster_password":"","passster_passwords":"","passster_password_list":"","passster_password_lists":"","passster_activate_user_restriction":"","passster_user_restriction_type":"user-role","passster_user_restriction":"no-role","passster_activate_overwrite_defaults":"","passster_headline":"","passster_instruction":"","passster_placeholder":"","passster_button":"","passster_id":"","passster_activate_misc_settings":"","passster_redirect_url":"","passster_hide":"no","passster_area_shortcode":"","_footer_meta_block_field":"","footnotes":""},"class_list":["post-2967","page","type-page","status-publish","hentry"],"yoast_head":"<!-- This site is optimized with the Yoast SEO plugin v26.9 - https:\/\/yoast.com\/product\/yoast-seo-wordpress\/ -->\n<title>Privacy Policy - MACK One<\/title>\n<meta name=\"robots\" content=\"index, follow, max-snippet:-1, max-image-preview:large, max-video-preview:-1\" \/>\n<link rel=\"canonical\" href=\"https:\/\/mackone.eu\/fr\/privacy-policy\/\" \/>\n<meta property=\"og:locale\" content=\"fr_FR\" \/>\n<meta property=\"og:type\" content=\"article\" \/>\n<meta property=\"og:title\" content=\"Privacy Policy - MACK One\" \/>\n<meta property=\"og:description\" content=\"Politique de confidentialit\u00e9 I. NOM ET ADRESSE DU RESPONSABLE Le responsable au sens du r\u00e8glement g\u00e9n\u00e9ral sur la protection des donn\u00e9es et des autres lois nationales sur la protection des donn\u00e9es des \u00c9tats membres, ainsi que d\u2019autres r\u00e9glementations sur la protection des donn\u00e9es, est : Mack One France SAS1 Chemin de l&rsquo;Amiti\u00e967115 Plobsheim, FranceVAT ID: [&hellip;]\" \/>\n<meta property=\"og:url\" content=\"https:\/\/mackone.eu\/fr\/privacy-policy\/\" \/>\n<meta property=\"og:site_name\" content=\"MACK One\" \/>\n<meta property=\"article:modified_time\" content=\"2026-02-26T15:43:53+00:00\" \/>\n<meta name=\"twitter:card\" content=\"summary_large_image\" \/>\n<meta name=\"twitter:site\" content=\"@macknext\" \/>\n<meta name=\"twitter:label1\" content=\"Dur\u00e9e de lecture estim\u00e9e\" \/>\n\t<meta name=\"twitter:data1\" content=\"19 minutes\" \/>\n<script type=\"application\/ld+json\" class=\"yoast-schema-graph\">{\"@context\":\"https:\/\/schema.org\",\"@graph\":[{\"@type\":\"WebPage\",\"@id\":\"https:\/\/mackone.eu\/fr\/privacy-policy\/\",\"url\":\"https:\/\/mackone.eu\/fr\/privacy-policy\/\",\"name\":\"Privacy Policy - MACK One\",\"isPartOf\":{\"@id\":\"https:\/\/mackone.eu\/fr\/#website\"},\"datePublished\":\"2020-08-31T12:31:28+00:00\",\"dateModified\":\"2026-02-26T15:43:53+00:00\",\"breadcrumb\":{\"@id\":\"https:\/\/mackone.eu\/fr\/privacy-policy\/#breadcrumb\"},\"inLanguage\":\"fr-FR\",\"potentialAction\":[{\"@type\":\"ReadAction\",\"target\":[\"https:\/\/mackone.eu\/fr\/privacy-policy\/\"]}]},{\"@type\":\"BreadcrumbList\",\"@id\":\"https:\/\/mackone.eu\/fr\/privacy-policy\/#breadcrumb\",\"itemListElement\":[{\"@type\":\"ListItem\",\"position\":1,\"name\":\"Startseite\",\"item\":\"https:\/\/mackone.eu\/fr\/\"},{\"@type\":\"ListItem\",\"position\":2,\"name\":\"Privacy Policy\"}]},{\"@type\":\"WebSite\",\"@id\":\"https:\/\/mackone.eu\/fr\/#website\",\"url\":\"https:\/\/mackone.eu\/fr\/\",\"name\":\"MACK One\",\"description\":\"THE FUTURE LAB OF ENTERTAINMENT\",\"publisher\":{\"@id\":\"https:\/\/mackone.eu\/fr\/#organization\"},\"potentialAction\":[{\"@type\":\"SearchAction\",\"target\":{\"@type\":\"EntryPoint\",\"urlTemplate\":\"https:\/\/mackone.eu\/fr\/?s={search_term_string}\"},\"query-input\":{\"@type\":\"PropertyValueSpecification\",\"valueRequired\":true,\"valueName\":\"search_term_string\"}}],\"inLanguage\":\"fr-FR\"},{\"@type\":\"Organization\",\"@id\":\"https:\/\/mackone.eu\/fr\/#organization\",\"name\":\"Mack NeXT GmbH & Co KG\",\"url\":\"https:\/\/mackone.eu\/fr\/\",\"logo\":{\"@type\":\"ImageObject\",\"inLanguage\":\"fr-FR\",\"@id\":\"https:\/\/mackone.eu\/fr\/#\/schema\/logo\/image\/\",\"url\":\"https:\/\/macknext.com\/wp-content\/uploads\/2020\/11\/macknext-favicon.png\",\"contentUrl\":\"https:\/\/macknext.com\/wp-content\/uploads\/2020\/11\/macknext-favicon.png\",\"width\":1031,\"height\":1032,\"caption\":\"Mack NeXT GmbH & Co KG\"},\"image\":{\"@id\":\"https:\/\/mackone.eu\/fr\/#\/schema\/logo\/image\/\"},\"sameAs\":[\"https:\/\/x.com\/macknext\",\"https:\/\/www.instagram.com\/mack.next\/\",\"https:\/\/www.linkedin.com\/company\/macknext\/\"]}]}<\/script>\n<!-- \/ Yoast SEO plugin. -->","yoast_head_json":{"title":"Privacy Policy - MACK One","robots":{"index":"index","follow":"follow","max-snippet":"max-snippet:-1","max-image-preview":"max-image-preview:large","max-video-preview":"max-video-preview:-1"},"canonical":"https:\/\/mackone.eu\/fr\/privacy-policy\/","og_locale":"fr_FR","og_type":"article","og_title":"Privacy Policy - MACK One","og_description":"Politique de confidentialit\u00e9 I. NOM ET ADRESSE DU RESPONSABLE Le responsable au sens du r\u00e8glement g\u00e9n\u00e9ral sur la protection des donn\u00e9es et des autres lois nationales sur la protection des donn\u00e9es des \u00c9tats membres, ainsi que d\u2019autres r\u00e9glementations sur la protection des donn\u00e9es, est : Mack One France SAS1 Chemin de l&rsquo;Amiti\u00e967115 Plobsheim, FranceVAT ID: [&hellip;]","og_url":"https:\/\/mackone.eu\/fr\/privacy-policy\/","og_site_name":"MACK One","article_modified_time":"2026-02-26T15:43:53+00:00","twitter_card":"summary_large_image","twitter_site":"@macknext","twitter_misc":{"Dur\u00e9e de lecture estim\u00e9e":"19 minutes"},"schema":{"@context":"https:\/\/schema.org","@graph":[{"@type":"WebPage","@id":"https:\/\/mackone.eu\/fr\/privacy-policy\/","url":"https:\/\/mackone.eu\/fr\/privacy-policy\/","name":"Privacy Policy - MACK One","isPartOf":{"@id":"https:\/\/mackone.eu\/fr\/#website"},"datePublished":"2020-08-31T12:31:28+00:00","dateModified":"2026-02-26T15:43:53+00:00","breadcrumb":{"@id":"https:\/\/mackone.eu\/fr\/privacy-policy\/#breadcrumb"},"inLanguage":"fr-FR","potentialAction":[{"@type":"ReadAction","target":["https:\/\/mackone.eu\/fr\/privacy-policy\/"]}]},{"@type":"BreadcrumbList","@id":"https:\/\/mackone.eu\/fr\/privacy-policy\/#breadcrumb","itemListElement":[{"@type":"ListItem","position":1,"name":"Startseite","item":"https:\/\/mackone.eu\/fr\/"},{"@type":"ListItem","position":2,"name":"Privacy Policy"}]},{"@type":"WebSite","@id":"https:\/\/mackone.eu\/fr\/#website","url":"https:\/\/mackone.eu\/fr\/","name":"MACK One","description":"THE FUTURE LAB OF ENTERTAINMENT","publisher":{"@id":"https:\/\/mackone.eu\/fr\/#organization"},"potentialAction":[{"@type":"SearchAction","target":{"@type":"EntryPoint","urlTemplate":"https:\/\/mackone.eu\/fr\/?s={search_term_string}"},"query-input":{"@type":"PropertyValueSpecification","valueRequired":true,"valueName":"search_term_string"}}],"inLanguage":"fr-FR"},{"@type":"Organization","@id":"https:\/\/mackone.eu\/fr\/#organization","name":"Mack NeXT GmbH & Co KG","url":"https:\/\/mackone.eu\/fr\/","logo":{"@type":"ImageObject","inLanguage":"fr-FR","@id":"https:\/\/mackone.eu\/fr\/#\/schema\/logo\/image\/","url":"https:\/\/macknext.com\/wp-content\/uploads\/2020\/11\/macknext-favicon.png","contentUrl":"https:\/\/macknext.com\/wp-content\/uploads\/2020\/11\/macknext-favicon.png","width":1031,"height":1032,"caption":"Mack NeXT GmbH & Co KG"},"image":{"@id":"https:\/\/mackone.eu\/fr\/#\/schema\/logo\/image\/"},"sameAs":["https:\/\/x.com\/macknext","https:\/\/www.instagram.com\/mack.next\/","https:\/\/www.linkedin.com\/company\/macknext\/"]}]}},"_links":{"self":[{"href":"https:\/\/mackone.eu\/fr\/wp-json\/wp\/v2\/pages\/2967","targetHints":{"allow":["GET"]}}],"collection":[{"href":"https:\/\/mackone.eu\/fr\/wp-json\/wp\/v2\/pages"}],"about":[{"href":"https:\/\/mackone.eu\/fr\/wp-json\/wp\/v2\/types\/page"}],"author":[{"embeddable":true,"href":"https:\/\/mackone.eu\/fr\/wp-json\/wp\/v2\/users\/3"}],"replies":[{"embeddable":true,"href":"https:\/\/mackone.eu\/fr\/wp-json\/wp\/v2\/comments?post=2967"}],"version-history":[{"count":12,"href":"https:\/\/mackone.eu\/fr\/wp-json\/wp\/v2\/pages\/2967\/revisions"}],"predecessor-version":[{"id":4675,"href":"https:\/\/mackone.eu\/fr\/wp-json\/wp\/v2\/pages\/2967\/revisions\/4675"}],"wp:attachment":[{"href":"https:\/\/mackone.eu\/fr\/wp-json\/wp\/v2\/media?parent=2967"}],"curies":[{"name":"wp","href":"https:\/\/api.w.org\/{rel}","templated":true}]}}